{"id":58,"date":"2013-05-10T10:35:29","date_gmt":"2013-05-10T08:35:29","guid":{"rendered":"http:\/\/www.tanzzentrumhiltrup.de\/?page_id=58"},"modified":"2020-06-26T10:32:22","modified_gmt":"2020-06-26T09:32:22","slug":"portrat","status":"publish","type":"page","link":"https:\/\/www.tanzzentrumhiltrup.de\/?page_id=58","title":{"rendered":"Portr\u00e4t"},"content":{"rendered":"<p><strong><a href=\"http:\/\/www.tanzzentrumhiltrup.de\/wp-content\/uploads\/2013\/05\/Portr\u00e46.jpg\"><img loading=\"lazy\" decoding=\"async\" class=\"alignnone size-medium wp-image-159\" src=\"http:\/\/www.tanzzentrumhiltrup.de\/wp-content\/uploads\/2013\/05\/Portr\u00e46-212x300.jpg\" alt=\"Portr\u00e4\" width=\"212\" height=\"300\" srcset=\"https:\/\/www.tanzzentrumhiltrup.de\/wp-content\/uploads\/2013\/05\/Portr\u00e46-212x300.jpg 212w, https:\/\/www.tanzzentrumhiltrup.de\/wp-content\/uploads\/2013\/05\/Portr\u00e46.jpg 454w\" sizes=\"auto, (max-width: 212px) 100vw, 212px\" \/><\/a>Sandra Landwehr<\/strong><\/p>\n<ul>\n<li>Staatlich gepr\u00fcfte Sport- und Gymnastiklehrerin<\/li>\n<li>Lehrerin f\u00fcr Kindertanz<\/li>\n<li>5j\u00e4hrige tanzp\u00e4dagogische Arbeit im Bereich Kindertanz an der Ballettschule Heidi Sievert, sowie am Landesleistungsst\u00fctzpunkt Tanzen in NRW<\/li>\n<li>Choreografin f\u00fcr Kindertanzst\u00fccke<\/li>\n<li>R\u00fcckenschulausbildung nach dem Karlsruher R\u00fcckenmodell<\/li>\n<li>Dozentin an der Fitness- und Gesundeitsakademie in M\u00fcnster<\/li>\n<\/ul>\n<p><em><strong>Leistungsklassen Klassisch \/ Talentf\u00f6rderung&nbsp; <\/strong><\/em><\/p>\n<p><a href=\"http:\/\/www.tanzzentrumhiltrup.de\/wp-content\/uploads\/2013\/05\/Lebenslauf-Svetlana-Robos-1.bmp\"><img loading=\"lazy\" decoding=\"async\" class=\"wp-image-1352 alignleft\" src=\"http:\/\/www.tanzzentrumhiltrup.de\/wp-content\/uploads\/2013\/05\/Lebenslauf-Svetlana-Robos-1.bmp\" alt=\"\" width=\"200\" height=\"241\"><\/a><\/p>\n<p>&nbsp;<\/p>\n<p>&nbsp;<\/p>\n<p>&nbsp;<\/p>\n<p>&nbsp;<\/p>\n<p><strong>Svetlana Robos<\/strong><\/p>\n<p style=\"text-align: left;\"><strong>&nbsp;<\/strong><\/p>\n<ul>\n<li style=\"list-style-type: none;\">\n<ul>\n<li style=\"text-align: left;\">Staatliche Ballettschule Kiew ( N.M. Kostenko )<\/li>\n<\/ul>\n<\/li>\n<\/ul>\n<p>&nbsp;<\/p>\n<ul>\n<li style=\"list-style-type: none;\">\n<ul>\n<li style=\"text-align: left;\">Moscow Balshoi Ballet Schule ( S.N. Golovkina )<\/li>\n<\/ul>\n<\/li>\n<\/ul>\n<p>&nbsp;<\/p>\n<ul>\n<li style=\"text-align: left;\">Staatliche Ballettschule Kiew ( N.M. Kostenko )Einen Fortbildungskurs ( 2001-2003)- Tanzp\u00e4dagogik an der John Cranko Schule Stuttgart (Ballettschule des W\u00fcrtt. Staatstheaters und Staatl. ballettakademie) erfolgreich absolviert ( V. Savina )<\/li>\n<\/ul>\n<p>&nbsp;&nbsp;&nbsp;&nbsp;&nbsp;&nbsp;&nbsp;&nbsp; Stationen der t\u00e4nzerischen Laufbahn<\/p>\n<ul>\n<li style=\"list-style-type: none;\">\n<ul>\n<li>\n<p style=\"text-align: left;\">Leonid Veniaminovich Yakobson Kompanie ( Sankt Petersburg )<\/p>\n<\/li>\n<li>Solot\u00e4nzerin im National Opera der Ukraine (Kiew).<\/li>\n<li>Zweiter Platz im ersten Internationalen Ballettwettbewerb zu Ehren von Sergej Lifar<\/li>\n<li>Solot\u00e4nzerin im Aalto Ballett Theater Essen ( Martin Putke )<\/li>\n<li>Solot\u00e4nzerin im Staatsoper Hannover ( Mehmet Baklan )<\/li>\n<li>Vertrag mit dem Staatstheater Stuttgart unter der Leitung von Reid Anderson<\/li>\n<li>Solot\u00e4nzerin in der Deutschen Oper Berlin (Sylviane Bayard Phillips )<\/li>\n<li>Vertrag mit dem Theater Dortmund, in vielen Balletten als Solot\u00e4nzerin unter der Leitung von Xin Peng Wang<\/li>\n<\/ul>\n<\/li>\n<\/ul>\n<p style=\"text-align: left;\">&nbsp; &nbsp; &nbsp; &nbsp; &nbsp; &nbsp; Mitwirkungen in verschiedenen St\u00fccken u.a.:<\/p>\n<ul>\n<li style=\"list-style-type: none;\">\n<ul>\n<li><strong>National Opera der Ukraine<\/strong> &#8211; Masha in der &#8220; Nussknacker&#8220;, Cinderella in &#8222;Cinderella&#8220;, Shirin in &#8222;Legend about Love&#8220; (choreg. A.F Shikero), Fliederfee in &#8222;Dornr\u00f6\u00dfchen&#8220; (choreog. M. Petipa), Myrtha und pas de deux in &#8222;Giselle&#8220;, Freundin und K\u00f6nigin Driad&nbsp; in &#8222;Don Quichotte&#8220;, pas de trois in &#8222;Schwanensee&#8220; und pas de trois in &#8222;La Bajadere&#8220;.<\/li>\n<li><strong>Aalto Ballett Theater Essen<\/strong> &#8211; Masha in der &#8222;Nussknacker&#8220; und Freundin in &#8222;Don Quichotte&#8220;.<\/li>\n<li><strong>Staatsoper Hannover<\/strong> &#8211; Solo in &#8222;Serenade&#8220; (choreog. G. Balanchine), K\u00f6nigin Driad in &#8222;Don Quichotte&#8220; (choreog. M. Barashnikov), Myrtha und Giselle in &#8222;Giselle &#8220; (choreog. M. Balkan nach M. Petipa)<\/li>\n<li><strong>Staatstheater Stuttgart <\/strong>&#8211; solo in &#8222;Symphony in C&#8220; (choreog. G. Balanchine), demi-solo in &#8222;7 Symphony&#8220; (choreog. Uwe Scholz). Und in vielen anderen St\u00fccken wie &#8222;Romeo und Julia&#8220; (choreog. J. Cranko), &#8222;Die Kameliendame&#8220; (choreog. J. Neumeier), &#8220; Schwanensee&#8220; (choreog. J. Cranko), &#8222;The Taming of the Shrew&#8220; (choreog. J. Cranko), &#8222;5 Tangos&#8220; (choreog. Hans Van Manen)<\/li>\n<\/ul>\n<ul>\n<li><strong>Deutsche Opera Berlin<\/strong> &#8211; Gerda in &#8222;Schneek\u00f6nigin&#8220;, Titania in &#8222;Ein Sommernachtstraum&#8220; (choreog. H. Spoerli).<\/li>\n<li><strong>Theater Dortmund<\/strong> &#8211; Manon in &#8222;Manon&#8220; (choreog. X.P. Wang), K\u00f6nigin in &#8222;Nussknacker&#8220;, Odetta\/Odillia in &#8222;Schwanensee&#8220;, Solo in &#8222;Krieg und Frieden&#8220; (choreog. X.P. Wang) und solo in den anderen St\u00fccken von X.P. Wang. Erste solo in &#8222;Who cares?&#8220;&nbsp; (choreog. G. Balanchine), Erste solo in &#8222;Rubies&#8220; (choreog. G. Balanchine), solo in &#8222;Rossini cards&#8220; (choreog. M. Bigonzetti ), &#8222;Omagio&#8220;&nbsp; (choreog. M. Bigonzetti), Solo in &#8222;Second detail&#8220; ( choreog. W.Forsythe), Raymonda in Grand pas Classique &#8222;Raymonda&#8220;&nbsp;&nbsp;<\/li>\n<\/ul>\n<\/li>\n<\/ul>\n<p><strong>Leistungsklassen Modern \/ Klassisch \/ Impro \/ Talentf\u00f6rderung<\/strong><\/p>\n<p><a href=\"http:\/\/www.tanzzentrumhiltrup.de\/wp-content\/uploads\/2018\/12\/Unbenannt.jpg\">&nbsp;<\/a><a href=\"http:\/\/www.tanzzentrumhiltrup.de\/wp-content\/uploads\/2018\/12\/Unbenannt.jpg\"><img loading=\"lazy\" decoding=\"async\" class=\"alignnone size-full wp-image-1928\" src=\"http:\/\/www.tanzzentrumhiltrup.de\/wp-content\/uploads\/2018\/12\/Unbenannt.jpg\" alt=\"\" width=\"231\" height=\"277\"><\/a>&nbsp; <strong>Igor Volkovskyy<\/strong><\/p>\n<p>&nbsp;&nbsp;&nbsp;&nbsp;&nbsp; Stationen der t\u00e4nzerischen Laufbahn<\/p>\n<ul>\n<li>1998 &#8211;&nbsp; 2003 Ballet Academy, Donezk, Ukraine<\/li>\n<li>2003 &#8211;&nbsp; 2005 Z\u00fcrich Dance Academy, Schweiz<\/li>\n<li>05\/2005 Theater und Philharmonie Essen GmbH, Deutschland<br \/>\nPosition: T\u00e4nzer<\/li>\n<\/ul>\n<p>&nbsp;&nbsp;&nbsp;&nbsp;&nbsp;&nbsp;&nbsp;&nbsp; Repertoire:<\/p>\n<ul>\n<li><strong>Swan Lake <\/strong><strong>\u2013 <\/strong>Choreography: Stephan Thoss<\/li>\n<li><strong>Solitaire<\/strong><strong> &#8211; <\/strong>Choreography: Stephan Thoss<\/li>\n<li><strong>Die Br\u00fcder Karamasow<\/strong>&#8211; Choreography: Boris Eifman<\/li>\n<li><strong>Decadance \u2013 <\/strong>Choreography: Ohad Naharin<\/li>\n<li><strong>Rooster<\/strong> \u2013 Choreography: Christopher Bruce<\/li>\n<li><strong>Home and Home<\/strong> \u2013 Choreography: Johan Inger<\/li>\n<li><strong>27\/52, Wings of Wax, 6 Dancers, Petit Mort<\/strong> &#8211; Choreography: Ji\u0159\u00ed Kyli\u00e1n<\/li>\n<li><strong>The Odyssey \u2013 <\/strong>Choreography:&nbsp; Patrick Delcroix<\/li>\n<li><strong>Endloss\/ Chershe<\/strong> &#8211; Choreography:&nbsp; Patrick Delcroix<\/li>\n<li><strong>Romeo and Juliet<\/strong> \/ Don Quixote \u2013 Choreography: B.V. Cauwenbergh<\/li>\n<li><strong>Leonce and Lena<\/strong> &#8211; Choreography: Christian Spuck<\/li>\n<li><strong>Giselle<\/strong> \u2013 Choreography: David Dawson<\/li>\n<li><strong>A Midsummer Night\u2019s Dream<\/strong> \u2013 Choreography: Heinz Spoerli<\/li>\n<li><strong>La vie en Rose<\/strong><strong>\u2013 <\/strong>Choreography: B.V. Cauwenbergh<\/li>\n<li><strong>The Nutcracker <\/strong>\u2013 Choreography: B.V. Cauwenbergh<\/li>\n<li><strong>3 by Ekman <\/strong><strong>\u2013 <\/strong>Choreogprahy: A. Ekman<\/li>\n<li><strong>Copelia<\/strong><strong> \u2013 <\/strong>Choreography:Roland Petit<\/li>\n<li><strong>Cinderella<\/strong><strong> \u2013 <\/strong>Choreography: Steij Celis<\/li>\n<\/ul>\n<p><strong>&nbsp;&nbsp;&nbsp;&nbsp;&nbsp; <\/strong><strong>Choreographische Werke: <\/strong><\/p>\n<ul>\n<li><strong>-\u201cGarb\u201d <\/strong>Choreography: Igor Volkovskyy(2014)<\/li>\n<li>The piece was performed by:Aalto Ballet and Royal Ballet Academy Antwerp, Belgium<\/li>\n<li style=\"text-align: left;\"><strong>&#8211; \u201cKak dela\u201d<\/strong> Choreography: Igor Volkovskyy(2017) The piece was performed by:Aalto Ballet\n<p><strong>Leistungsklassen Modern \/ Klassisch \/ Folklore \/ Kinderklassen<\/strong><\/li>\n<\/ul>\n<div id=\"attachment_2721\" style=\"width: 189px\" class=\"wp-caption aligncenter\"><a href=\"http:\/\/www.tanzzentrumhiltrup.de\/wp-content\/uploads\/2020\/06\/IMG-20200626-WA0004.jpg\"><img loading=\"lazy\" decoding=\"async\" aria-describedby=\"caption-attachment-2721\" class=\"wp-image-2721\" src=\"http:\/\/www.tanzzentrumhiltrup.de\/wp-content\/uploads\/2020\/06\/IMG-20200626-WA0004.jpg\" alt=\"\" width=\"179\" height=\"254\" srcset=\"https:\/\/www.tanzzentrumhiltrup.de\/wp-content\/uploads\/2020\/06\/IMG-20200626-WA0004.jpg 1122w, https:\/\/www.tanzzentrumhiltrup.de\/wp-content\/uploads\/2020\/06\/IMG-20200626-WA0004-718x1024.jpg 718w, https:\/\/www.tanzzentrumhiltrup.de\/wp-content\/uploads\/2020\/06\/IMG-20200626-WA0004-768x1095.jpg 768w, https:\/\/www.tanzzentrumhiltrup.de\/wp-content\/uploads\/2020\/06\/IMG-20200626-WA0004-1077x1536.jpg 1077w\" sizes=\"auto, (max-width: 179px) 100vw, 179px\" \/><\/a><p id=\"caption-attachment-2721\" class=\"wp-caption-text\">Ana Carolina Reis<\/p><\/div>\n<p><strong>Stationen der t\u00e4nzerischen Laufbahn<\/strong><\/p>\n<ul>\n<li>2018\/2019 \u2013 Ballettlehrerin \/ Ballett Dozentin \/ Tanz-Coach\/ Choreographin an diversen Ballettschule in Wuppertal\/ Schwelm\/ Bottrop\/ M\u00fcnster\/ Gelsenkirchen; und auch als Gastt\u00e4nzerin verschiedene Workshops ( Up to Dance Workshops) und Tanz- Kindern Projekte (wie Tanz-Theater-Projekt &#8222;Ferien for Future&#8220; f\u00fcr Kinder \/ Jugendliche im Rahmen der Kampagne Weltbaustellen )<\/li>\n<li>2018 \u2013 2006 T\u00e4tigkeit als Ballettt\u00e4nzerin an Aalto Ballett Theater Essen<\/li>\n<li>2008 Solo- Gastt\u00e4nzerin an Ballett Theater Bremerhaven<\/li>\n<li>2014\/2015\/2016 \u2013 Ballettmeister und K\u00fcnstlerin- Leitung bei Tanzprojekt in Brasilien \u201eVALEDAN\u00c7A INTERNACIONAL&#8220;<\/li>\n<li>2005 Gastt\u00e4nzerin am Ballett Theater Kiel<\/li>\n<li>2005 \u2013 2002 T\u00e4tigkeit als Ballettt\u00e4nzerin und Ballettlehrerin an diversen Theatern ( S\u00e3o Paulo, Rio de Janeiro, S\u00e3o Jos\u00e9 dos Campos) in Brasilien und Tanzschulen<\/li>\n<\/ul>\n<p><strong>&nbsp;Ausbildung <\/strong><\/p>\n<ul>\n<li>1998 \u2013 2001 Ballet Bolshoi Academy (Abschluss-B\u00fchnent\u00e4nzerin) Moskau<\/li>\n<li>1993 \u2013 1997 Ballett Jovem Eleonora Oliosi (mittlerer Ballett Bildungsabschluss) Sao Jose dos Campos<\/li>\n<li>1990 &#8211; 1995 Escola Estadual Ayr Picanco B.A. (mittlerer Bildungsabschluss\/Mittelschule S\u00e3o Jose dos Campos)<\/li>\n<li>1996 &#8211; 1997 Colegio Tecnico Industrial \u2013UNIVAP \/ Col\u00e9gio Synesio Martins \u2013S\u00e3o Jose dos campos- Abitur<\/li>\n<li>2018 \/ 2019- Yoga- Instructor (IST-WEITERBILDUNG D\u00dcSSELDORF)<\/li>\n<li>SONSTIGE: Sprach: Russich, Deutsch, Englisch, (bisschen Spanisch), Portugiesische ( Muttersprache)<\/li>\n<\/ul>\n<p>&nbsp;<\/p>\n<p>&nbsp;<\/p>\n<p>&nbsp;<\/p>\n<p>&nbsp;<\/p>\n<p>&nbsp;<\/p>\n<p>&nbsp;<\/p>\n","protected":false},"excerpt":{"rendered":"<p>Sandra Landwehr Staatlich gepr\u00fcfte Sport- und Gymnastiklehrerin Lehrerin f\u00fcr Kindertanz 5j\u00e4hrige tanzp\u00e4dagogische Arbeit im Bereich Kindertanz an der Ballettschule Heidi Sievert, sowie am Landesleistungsst\u00fctzpunkt Tanzen in NRW Choreografin f\u00fcr Kindertanzst\u00fccke R\u00fcckenschulausbildung nach dem Karlsruher R\u00fcckenmodell Dozentin an der Fitness- und &hellip; <a href=\"https:\/\/www.tanzzentrumhiltrup.de\/?page_id=58\">Weiterlesen <span class=\"meta-nav\">&rarr;<\/span><\/a><\/p>\n","protected":false},"author":3,"featured_media":135,"parent":0,"menu_order":0,"comment_status":"closed","ping_status":"closed","template":"sidebar-page.php","meta":{"ngg_post_thumbnail":0,"footnotes":""},"class_list":["post-58","page","type-page","status-publish","has-post-thumbnail","hentry"],"_links":{"self":[{"href":"https:\/\/www.tanzzentrumhiltrup.de\/index.php?rest_route=\/wp\/v2\/pages\/58","targetHints":{"allow":["GET"]}}],"collection":[{"href":"https:\/\/www.tanzzentrumhiltrup.de\/index.php?rest_route=\/wp\/v2\/pages"}],"about":[{"href":"https:\/\/www.tanzzentrumhiltrup.de\/index.php?rest_route=\/wp\/v2\/types\/page"}],"author":[{"embeddable":true,"href":"https:\/\/www.tanzzentrumhiltrup.de\/index.php?rest_route=\/wp\/v2\/users\/3"}],"replies":[{"embeddable":true,"href":"https:\/\/www.tanzzentrumhiltrup.de\/index.php?rest_route=%2Fwp%2Fv2%2Fcomments&post=58"}],"version-history":[{"count":30,"href":"https:\/\/www.tanzzentrumhiltrup.de\/index.php?rest_route=\/wp\/v2\/pages\/58\/revisions"}],"predecessor-version":[{"id":2732,"href":"https:\/\/www.tanzzentrumhiltrup.de\/index.php?rest_route=\/wp\/v2\/pages\/58\/revisions\/2732"}],"wp:featuredmedia":[{"embeddable":true,"href":"https:\/\/www.tanzzentrumhiltrup.de\/index.php?rest_route=\/wp\/v2\/media\/135"}],"wp:attachment":[{"href":"https:\/\/www.tanzzentrumhiltrup.de\/index.php?rest_route=%2Fwp%2Fv2%2Fmedia&parent=58"}],"curies":[{"name":"wp","href":"https:\/\/api.w.org\/{rel}","templated":true}]}}